{"id":217512,"date":"2022-03-30T16:20:07","date_gmt":"2022-03-30T14:20:07","guid":{"rendered":"https:\/\/pachia.eu\/?post_type=product&#038;p=217512"},"modified":"2022-03-30T16:24:52","modified_gmt":"2022-03-30T14:24:52","slug":"globe-led-paere-frost-95-cm","status":"publish","type":"product","link":"https:\/\/pachia.eu\/da\/globe-led-paere-frost-95-cm\/","title":{"rendered":"Globe LED p\u00e6re &#8211; Frost 9,5 cm"},"content":{"rendered":"<p>Smuk mat hvid LED p\u00e6re i en traditionel globeform. Det m\u00e6lkehvide glas giver en perfekt spredning af lyset, s\u00e5 man hverken bliver bl\u00e6ndet eller f\u00e5r for kraftigt lys. P\u00e6ren har en god effekt p\u00e5 6,5 watt, som g\u00f8r den god som belysning over fx et skrivebord, hj\u00f8rne eller i k\u00f8kkenet. Du kan med fordel h\u00e6nge flere op i en klynge, hvis de skal h\u00e6nge over et spisebord.<\/p>\n<p><strong>Specifikationer:<\/strong><\/p>\n<ul>\n<li>M\u00e5l: 9,5 x 12 cm<\/li>\n<li>Lys- temperatur: varmhvid (2700 K)<\/li>\n<li>D\u00e6mpbar: ja<\/li>\n<li>Fatning: E27<\/li>\n<li>Glas farve: m\u00e6lkehvid<\/li>\n<li>Effekt: 6,5 Watt<\/li>\n<\/ul>\n","protected":false},"excerpt":{"rendered":"<p>Smuk mat hvid LED p\u00e6re i en traditionel globeform. Det m\u00e6lkehvide glas giver en perfekt spredning af lyset, s\u00e5 man hverken bliver bl\u00e6ndet eller f\u00e5r for kraftigt lys. P\u00e6ren har en god effekt p\u00e5 6,5 watt, som g\u00f8r den god som belysning over fx et skrivebord, hj\u00f8rne eller i k\u00f8kkenet. Du kan med fordel h\u00e6nge [&hellip;]<\/p>\n","protected":false},"featured_media":217517,"template":"","meta":{"_lmt_disableupdate":"no","_lmt_disable":""},"product_brand":[],"product_cat":[40,129,130],"product_tag":[],"mersalg-tag":[118],"class_list":{"0":"post-217512","1":"product","2":"type-product","3":"status-publish","4":"has-post-thumbnail","6":"product_cat-produkter","7":"product_cat-tilbehoer","8":"product_cat-led-paerer","9":"mersalg-tag-paere","11":"first","12":"instock","13":"taxable","14":"shipping-taxable","15":"purchasable","16":"product-type-simple"},"yoast_head":"<!-- This site is optimized with the Yoast SEO plugin v27.3 - https:\/\/yoast.com\/product\/yoast-seo-wordpress\/ -->\n<title>Globe LED p\u00e6re - Frost 9,5 cm | LED p\u00e6rer &amp; lyskilder | - Pachia<\/title>\n<meta name=\"robots\" content=\"index, follow, max-snippet:-1, max-image-preview:large, max-video-preview:-1\" \/>\n<link rel=\"canonical\" href=\"https:\/\/pachia.eu\/da\/globe-led-paere-frost-95-cm\/\" \/>\n<meta property=\"og:locale\" content=\"da_DK\" \/>\n<meta property=\"og:type\" content=\"article\" \/>\n<meta property=\"og:title\" content=\"Globe LED p\u00e6re - Frost 9,5 cm | LED p\u00e6rer &amp; lyskilder | - Pachia\" \/>\n<meta property=\"og:description\" content=\"Smuk mat hvid LED p\u00e6re i en traditionel globeform. Det m\u00e6lkehvide glas giver en perfekt spredning af lyset, s\u00e5 man hverken bliver bl\u00e6ndet eller f\u00e5r for kraftigt lys. P\u00e6ren har en god effekt p\u00e5 6,5 watt, som g\u00f8r den god som belysning over fx et skrivebord, hj\u00f8rne eller i k\u00f8kkenet. Du kan med fordel h\u00e6nge [&hellip;]\" \/>\n<meta property=\"og:url\" content=\"https:\/\/pachia.eu\/da\/globe-led-paere-frost-95-cm\/\" \/>\n<meta property=\"og:site_name\" content=\"Pachia\" \/>\n<meta property=\"article:publisher\" content=\"https:\/\/www.facebook.com\/pachia.shop\" \/>\n<meta property=\"article:modified_time\" content=\"2022-03-30T14:24:52+00:00\" \/>\n<meta property=\"og:image\" content=\"https:\/\/pachia.eu\/wp-content\/uploads\/2022\/03\/hvid-globe-e27-bgg-1024x1024.png\" \/>\n\t<meta property=\"og:image:width\" content=\"1024\" \/>\n\t<meta property=\"og:image:height\" content=\"1024\" \/>\n\t<meta property=\"og:image:type\" content=\"image\/png\" \/>\n<meta name=\"twitter:card\" content=\"summary_large_image\" \/>\n<meta name=\"twitter:label1\" content=\"Estimeret l\u00e6setid\" \/>\n\t<meta name=\"twitter:data1\" content=\"1 minut\" \/>\n<script type=\"application\/ld+json\" class=\"yoast-schema-graph\">{\"@context\":\"https:\\\/\\\/schema.org\",\"@graph\":[{\"@type\":\"WebPage\",\"@id\":\"https:\\\/\\\/pachia.eu\\\/da\\\/globe-led-paere-frost-95-cm\\\/\",\"url\":\"https:\\\/\\\/pachia.eu\\\/da\\\/globe-led-paere-frost-95-cm\\\/\",\"name\":\"Globe LED p\u00e6re - Frost 9,5 cm | LED p\u00e6rer &amp; lyskilder | - Pachia\",\"isPartOf\":{\"@id\":\"https:\\\/\\\/pachia.eu\\\/da\\\/#website\"},\"primaryImageOfPage\":{\"@id\":\"https:\\\/\\\/pachia.eu\\\/da\\\/globe-led-paere-frost-95-cm\\\/#primaryimage\"},\"image\":{\"@id\":\"https:\\\/\\\/pachia.eu\\\/da\\\/globe-led-paere-frost-95-cm\\\/#primaryimage\"},\"thumbnailUrl\":\"https:\\\/\\\/pachia.eu\\\/wp-content\\\/uploads\\\/2022\\\/03\\\/hvid-globe-e27-bgg.png\",\"datePublished\":\"2022-03-30T14:20:07+00:00\",\"dateModified\":\"2022-03-30T14:24:52+00:00\",\"breadcrumb\":{\"@id\":\"https:\\\/\\\/pachia.eu\\\/da\\\/globe-led-paere-frost-95-cm\\\/#breadcrumb\"},\"inLanguage\":\"da-DK\",\"potentialAction\":[{\"@type\":\"ReadAction\",\"target\":[\"https:\\\/\\\/pachia.eu\\\/da\\\/globe-led-paere-frost-95-cm\\\/\"]}]},{\"@type\":\"ImageObject\",\"inLanguage\":\"da-DK\",\"@id\":\"https:\\\/\\\/pachia.eu\\\/da\\\/globe-led-paere-frost-95-cm\\\/#primaryimage\",\"url\":\"https:\\\/\\\/pachia.eu\\\/wp-content\\\/uploads\\\/2022\\\/03\\\/hvid-globe-e27-bgg.png\",\"contentUrl\":\"https:\\\/\\\/pachia.eu\\\/wp-content\\\/uploads\\\/2022\\\/03\\\/hvid-globe-e27-bgg.png\",\"width\":2000,\"height\":2000},{\"@type\":\"BreadcrumbList\",\"@id\":\"https:\\\/\\\/pachia.eu\\\/da\\\/globe-led-paere-frost-95-cm\\\/#breadcrumb\",\"itemListElement\":[{\"@type\":\"ListItem\",\"position\":1,\"name\":\"Forside\",\"item\":\"https:\\\/\\\/pachia.eu\\\/da\\\/\"},{\"@type\":\"ListItem\",\"position\":2,\"name\":\"Shop\",\"item\":\"https:\\\/\\\/pachia.eu\\\/da\\\/shop-2\\\/\"},{\"@type\":\"ListItem\",\"position\":3,\"name\":\"Globe LED p\u00e6re &#8211; Frost 9,5 cm\"}]},{\"@type\":\"WebSite\",\"@id\":\"https:\\\/\\\/pachia.eu\\\/da\\\/#website\",\"url\":\"https:\\\/\\\/pachia.eu\\\/da\\\/\",\"name\":\"Pachia\",\"description\":\"\",\"publisher\":{\"@id\":\"https:\\\/\\\/pachia.eu\\\/da\\\/#organization\"},\"potentialAction\":[{\"@type\":\"SearchAction\",\"target\":{\"@type\":\"EntryPoint\",\"urlTemplate\":\"https:\\\/\\\/pachia.eu\\\/da\\\/?s={search_term_string}\"},\"query-input\":{\"@type\":\"PropertyValueSpecification\",\"valueRequired\":true,\"valueName\":\"search_term_string\"}}],\"inLanguage\":\"da-DK\"},{\"@type\":\"Organization\",\"@id\":\"https:\\\/\\\/pachia.eu\\\/da\\\/#organization\",\"name\":\"Pachia ApS\",\"url\":\"https:\\\/\\\/pachia.eu\\\/da\\\/\",\"logo\":{\"@type\":\"ImageObject\",\"inLanguage\":\"da-DK\",\"@id\":\"https:\\\/\\\/pachia.eu\\\/da\\\/#\\\/schema\\\/logo\\\/image\\\/\",\"url\":\"https:\\\/\\\/jocaonline.dk\\\/wp-content\\\/uploads\\\/2020\\\/10\\\/decoration-logo-small.png\",\"contentUrl\":\"https:\\\/\\\/jocaonline.dk\\\/wp-content\\\/uploads\\\/2020\\\/10\\\/decoration-logo-small.png\",\"width\":301,\"height\":100,\"caption\":\"Pachia ApS\"},\"image\":{\"@id\":\"https:\\\/\\\/pachia.eu\\\/da\\\/#\\\/schema\\\/logo\\\/image\\\/\"},\"sameAs\":[\"https:\\\/\\\/www.facebook.com\\\/pachia.shop\",\"https:\\\/\\\/www.instagram.com\\\/pachia.eu\"]}]}<\/script>\n<!-- \/ Yoast SEO plugin. -->","yoast_head_json":{"title":"Globe LED p\u00e6re - Frost 9,5 cm | LED p\u00e6rer &amp; lyskilder | - Pachia","robots":{"index":"index","follow":"follow","max-snippet":"max-snippet:-1","max-image-preview":"max-image-preview:large","max-video-preview":"max-video-preview:-1"},"canonical":"https:\/\/pachia.eu\/da\/globe-led-paere-frost-95-cm\/","og_locale":"da_DK","og_type":"article","og_title":"Globe LED p\u00e6re - Frost 9,5 cm | LED p\u00e6rer &amp; lyskilder | - Pachia","og_description":"Smuk mat hvid LED p\u00e6re i en traditionel globeform. Det m\u00e6lkehvide glas giver en perfekt spredning af lyset, s\u00e5 man hverken bliver bl\u00e6ndet eller f\u00e5r for kraftigt lys. P\u00e6ren har en god effekt p\u00e5 6,5 watt, som g\u00f8r den god som belysning over fx et skrivebord, hj\u00f8rne eller i k\u00f8kkenet. Du kan med fordel h\u00e6nge [&hellip;]","og_url":"https:\/\/pachia.eu\/da\/globe-led-paere-frost-95-cm\/","og_site_name":"Pachia","article_publisher":"https:\/\/www.facebook.com\/pachia.shop","article_modified_time":"2022-03-30T14:24:52+00:00","og_image":[{"width":1024,"height":1024,"url":"https:\/\/pachia.eu\/wp-content\/uploads\/2022\/03\/hvid-globe-e27-bgg-1024x1024.png","type":"image\/png"}],"twitter_card":"summary_large_image","twitter_misc":{"Estimeret l\u00e6setid":"1 minut"},"schema":{"@context":"https:\/\/schema.org","@graph":[{"@type":"WebPage","@id":"https:\/\/pachia.eu\/da\/globe-led-paere-frost-95-cm\/","url":"https:\/\/pachia.eu\/da\/globe-led-paere-frost-95-cm\/","name":"Globe LED p\u00e6re - Frost 9,5 cm | LED p\u00e6rer &amp; lyskilder | - Pachia","isPartOf":{"@id":"https:\/\/pachia.eu\/da\/#website"},"primaryImageOfPage":{"@id":"https:\/\/pachia.eu\/da\/globe-led-paere-frost-95-cm\/#primaryimage"},"image":{"@id":"https:\/\/pachia.eu\/da\/globe-led-paere-frost-95-cm\/#primaryimage"},"thumbnailUrl":"https:\/\/pachia.eu\/wp-content\/uploads\/2022\/03\/hvid-globe-e27-bgg.png","datePublished":"2022-03-30T14:20:07+00:00","dateModified":"2022-03-30T14:24:52+00:00","breadcrumb":{"@id":"https:\/\/pachia.eu\/da\/globe-led-paere-frost-95-cm\/#breadcrumb"},"inLanguage":"da-DK","potentialAction":[{"@type":"ReadAction","target":["https:\/\/pachia.eu\/da\/globe-led-paere-frost-95-cm\/"]}]},{"@type":"ImageObject","inLanguage":"da-DK","@id":"https:\/\/pachia.eu\/da\/globe-led-paere-frost-95-cm\/#primaryimage","url":"https:\/\/pachia.eu\/wp-content\/uploads\/2022\/03\/hvid-globe-e27-bgg.png","contentUrl":"https:\/\/pachia.eu\/wp-content\/uploads\/2022\/03\/hvid-globe-e27-bgg.png","width":2000,"height":2000},{"@type":"BreadcrumbList","@id":"https:\/\/pachia.eu\/da\/globe-led-paere-frost-95-cm\/#breadcrumb","itemListElement":[{"@type":"ListItem","position":1,"name":"Forside","item":"https:\/\/pachia.eu\/da\/"},{"@type":"ListItem","position":2,"name":"Shop","item":"https:\/\/pachia.eu\/da\/shop-2\/"},{"@type":"ListItem","position":3,"name":"Globe LED p\u00e6re &#8211; Frost 9,5 cm"}]},{"@type":"WebSite","@id":"https:\/\/pachia.eu\/da\/#website","url":"https:\/\/pachia.eu\/da\/","name":"Pachia","description":"","publisher":{"@id":"https:\/\/pachia.eu\/da\/#organization"},"potentialAction":[{"@type":"SearchAction","target":{"@type":"EntryPoint","urlTemplate":"https:\/\/pachia.eu\/da\/?s={search_term_string}"},"query-input":{"@type":"PropertyValueSpecification","valueRequired":true,"valueName":"search_term_string"}}],"inLanguage":"da-DK"},{"@type":"Organization","@id":"https:\/\/pachia.eu\/da\/#organization","name":"Pachia ApS","url":"https:\/\/pachia.eu\/da\/","logo":{"@type":"ImageObject","inLanguage":"da-DK","@id":"https:\/\/pachia.eu\/da\/#\/schema\/logo\/image\/","url":"https:\/\/jocaonline.dk\/wp-content\/uploads\/2020\/10\/decoration-logo-small.png","contentUrl":"https:\/\/jocaonline.dk\/wp-content\/uploads\/2020\/10\/decoration-logo-small.png","width":301,"height":100,"caption":"Pachia ApS"},"image":{"@id":"https:\/\/pachia.eu\/da\/#\/schema\/logo\/image\/"},"sameAs":["https:\/\/www.facebook.com\/pachia.shop","https:\/\/www.instagram.com\/pachia.eu"]}]}},"_links":{"self":[{"href":"https:\/\/pachia.eu\/da\/wp-json\/wp\/v2\/product\/217512","targetHints":{"allow":["GET"]}}],"collection":[{"href":"https:\/\/pachia.eu\/da\/wp-json\/wp\/v2\/product"}],"about":[{"href":"https:\/\/pachia.eu\/da\/wp-json\/wp\/v2\/types\/product"}],"version-history":[{"count":0,"href":"https:\/\/pachia.eu\/da\/wp-json\/wp\/v2\/product\/217512\/revisions"}],"wp:featuredmedia":[{"embeddable":true,"href":"https:\/\/pachia.eu\/da\/wp-json\/wp\/v2\/media\/217517"}],"wp:attachment":[{"href":"https:\/\/pachia.eu\/da\/wp-json\/wp\/v2\/media?parent=217512"}],"wp:term":[{"taxonomy":"product_brand","embeddable":true,"href":"https:\/\/pachia.eu\/da\/wp-json\/wp\/v2\/product_brand?post=217512"},{"taxonomy":"product_cat","embeddable":true,"href":"https:\/\/pachia.eu\/da\/wp-json\/wp\/v2\/product_cat?post=217512"},{"taxonomy":"product_tag","embeddable":true,"href":"https:\/\/pachia.eu\/da\/wp-json\/wp\/v2\/product_tag?post=217512"},{"taxonomy":"mersalg-tag","embeddable":true,"href":"https:\/\/pachia.eu\/da\/wp-json\/wp\/v2\/mersalg-tag?post=217512"}],"curies":[{"name":"wp","href":"https:\/\/api.w.org\/{rel}","templated":true}]}}